{"id":6059,"date":"2023-04-26T09:55:16","date_gmt":"2023-04-26T07:55:16","guid":{"rendered":"https:\/\/www.syscel.com\/ns\/?page_id=6059"},"modified":"2025-02-06T18:15:16","modified_gmt":"2025-02-06T17:15:16","slug":"6059-2","status":"publish","type":"page","link":"https:\/\/www.syscel.com\/ns\/6059-2\/","title":{"rendered":"KIT DIGITAL"},"content":{"rendered":"\t\t<div data-elementor-type=\"wp-page\" data-elementor-id=\"6059\" class=\"elementor elementor-6059\">\n\t\t\t\t\t\t\t<div class=\"elementor-element elementor-element-4ba8496 e-flex e-con-boxed e-con e-parent\" data-id=\"4ba8496\" data-element_type=\"container\" data-settings=\"{&quot;content_width&quot;:&quot;boxed&quot;}\" data-core-v316-plus=\"true\">\n\t\t\t\t\t<div class=\"e-con-inner\">\n\t\t\t\t<div class=\"elementor-element elementor-element-6dda92c elementor-widget elementor-widget-text-editor\" data-id=\"6dda92c\" data-element_type=\"widget\" data-widget_type=\"text-editor.default\">\n\t\t\t\t<div class=\"elementor-widget-container\">\n\t\t\t<style>\/*! elementor - v3.17.0 - 08-11-2023 *\/\n.elementor-widget-text-editor.elementor-drop-cap-view-stacked .elementor-drop-cap{background-color:#69727d;color:#fff}.elementor-widget-text-editor.elementor-drop-cap-view-framed .elementor-drop-cap{color:#69727d;border:3px solid;background-color:transparent}.elementor-widget-text-editor:not(.elementor-drop-cap-view-default) .elementor-drop-cap{margin-top:8px}.elementor-widget-text-editor:not(.elementor-drop-cap-view-default) .elementor-drop-cap-letter{width:1em;height:1em}.elementor-widget-text-editor .elementor-drop-cap{float:left;text-align:center;line-height:1;font-size:50px}.elementor-widget-text-editor .elementor-drop-cap-letter{display:inline-block}<\/style>\t\t\t\t<section class=\"bgnegro\"><center>\n<h1>KIT DIGITAL<\/h1>\n<\/center><center>\n<p>Ayudas del Programa Kit Digital englobado en los fondos europeos \u201cNext Generation EU\u201d<\/p>\n<center><center><a href=\"#form\"><button>\u00a1Contacta ahora!<\/button><\/a><\/center><\/center><\/center><\/section>\n<p><!-- \/wp:html --><!-- wp:image {\"sizeSlug\":\"large\",\"linkDestination\":\"none\"} --><\/p>\n<figure class=\"wp-block-image size-large\"><img decoding=\"async\" src=\"https:\/\/pymeralia.com\/wp-content\/uploads\/2022\/06\/Logo-digitalizadores-1024x119.webp\" alt=\"\" \/><\/figure>\t\t\t\t\t\t<\/div>\n\t\t\t\t<\/div>\n\t\t\t\t\t<\/div>\n\t\t\t\t<\/div>\n\t\t<div class=\"elementor-element elementor-element-67c2b04 e-flex e-con-boxed e-con e-parent\" data-id=\"67c2b04\" data-element_type=\"container\" data-settings=\"{&quot;content_width&quot;:&quot;boxed&quot;}\" data-core-v316-plus=\"true\">\n\t\t\t\t\t<div class=\"e-con-inner\">\n\t\t\t\t<div class=\"elementor-element elementor-element-7f89af2 elementor-widget elementor-widget-heading\" data-id=\"7f89af2\" data-element_type=\"widget\" data-widget_type=\"heading.default\">\n\t\t\t\t<div class=\"elementor-widget-container\">\n\t\t\t<style>\/*! elementor - v3.17.0 - 08-11-2023 *\/\n.elementor-heading-title{padding:0;margin:0;line-height:1}.elementor-widget-heading .elementor-heading-title[class*=elementor-size-]>a{color:inherit;font-size:inherit;line-height:inherit}.elementor-widget-heading .elementor-heading-title.elementor-size-small{font-size:15px}.elementor-widget-heading .elementor-heading-title.elementor-size-medium{font-size:19px}.elementor-widget-heading .elementor-heading-title.elementor-size-large{font-size:29px}.elementor-widget-heading .elementor-heading-title.elementor-size-xl{font-size:39px}.elementor-widget-heading .elementor-heading-title.elementor-size-xxl{font-size:59px}<\/style><h2 class=\"elementor-heading-title elementor-size-default\">Ayudas del Programa Kit Digital englobado en los fondos europeos \u201cNext Generation EU\u201d<\/h2>\t\t<\/div>\n\t\t\t\t<\/div>\n\t\t\t\t\t<\/div>\n\t\t\t\t<\/div>\n\t\t<div class=\"elementor-element elementor-element-4044ce3 e-flex e-con-boxed e-con e-parent\" data-id=\"4044ce3\" data-element_type=\"container\" data-settings=\"{&quot;content_width&quot;:&quot;boxed&quot;}\" data-core-v316-plus=\"true\">\n\t\t\t\t\t<div class=\"e-con-inner\">\n\t\t<div class=\"elementor-element elementor-element-d44e5e9 e-con-full e-flex e-con e-child\" data-id=\"d44e5e9\" data-element_type=\"container\" data-settings=\"{&quot;content_width&quot;:&quot;full&quot;}\">\n\t\t\t\t<\/div>\n\t\t<div class=\"elementor-element elementor-element-e366c6e e-con-full e-flex e-con e-child\" data-id=\"e366c6e\" data-element_type=\"container\" data-settings=\"{&quot;content_width&quot;:&quot;full&quot;}\">\n\t\t\t\t<div class=\"elementor-element elementor-element-bd3e914 elementor-widget elementor-widget-image\" data-id=\"bd3e914\" data-element_type=\"widget\" data-widget_type=\"image.default\">\n\t\t\t\t<div class=\"elementor-widget-container\">\n\t\t\t<style>\/*! elementor - v3.17.0 - 08-11-2023 *\/\n.elementor-widget-image{text-align:center}.elementor-widget-image a{display:inline-block}.elementor-widget-image a img[src$=\".svg\"]{width:48px}.elementor-widget-image img{vertical-align:middle;display:inline-block}<\/style>\t\t\t\t\t\t\t\t\t\t\t\t<img decoding=\"async\" width=\"275\" height=\"118\" src=\"https:\/\/www.syscel.com\/ns\/wp-content\/uploads\/2025\/02\/Logo-Kit-Digital-2.png\" class=\"attachment-large size-large wp-image-7134\" alt=\"\" srcset=\"https:\/\/www.syscel.com\/ns\/wp-content\/uploads\/2025\/02\/Logo-Kit-Digital-2.png 275w, https:\/\/www.syscel.com\/ns\/wp-content\/uploads\/2025\/02\/Logo-Kit-Digital-2-150x64.png 150w\" sizes=\"(max-width: 275px) 100vw, 275px\" \/>\t\t\t\t\t\t\t\t\t\t\t\t\t\t\t<\/div>\n\t\t\t\t<\/div>\n\t\t\t\t<\/div>\n\t\t<div class=\"elementor-element elementor-element-ff27b79 e-con-full e-flex e-con e-child\" data-id=\"ff27b79\" data-element_type=\"container\" data-settings=\"{&quot;content_width&quot;:&quot;full&quot;}\">\n\t\t\t\t<div class=\"elementor-element elementor-element-e8c5917 elementor-widget elementor-widget-image\" data-id=\"e8c5917\" data-element_type=\"widget\" data-widget_type=\"image.default\">\n\t\t\t\t<div class=\"elementor-widget-container\">\n\t\t\t\t\t\t\t\t\t\t\t\t\t\t\t<img fetchpriority=\"high\" fetchpriority=\"high\" decoding=\"async\" width=\"360\" height=\"140\" src=\"https:\/\/www.syscel.com\/ns\/wp-content\/uploads\/2025\/02\/descarga.jpeg\" class=\"attachment-large size-large wp-image-7135\" alt=\"\" srcset=\"https:\/\/www.syscel.com\/ns\/wp-content\/uploads\/2025\/02\/descarga.jpeg 360w, https:\/\/www.syscel.com\/ns\/wp-content\/uploads\/2025\/02\/descarga-300x117.jpeg 300w, https:\/\/www.syscel.com\/ns\/wp-content\/uploads\/2025\/02\/descarga-150x58.jpeg 150w\" sizes=\"(max-width: 360px) 100vw, 360px\" \/>\t\t\t\t\t\t\t\t\t\t\t\t\t\t\t<\/div>\n\t\t\t\t<\/div>\n\t\t\t\t<\/div>\n\t\t<div class=\"elementor-element elementor-element-fb48b9c e-con-full e-flex e-con e-child\" data-id=\"fb48b9c\" data-element_type=\"container\" data-settings=\"{&quot;content_width&quot;:&quot;full&quot;}\">\n\t\t\t\t<\/div>\n\t\t\t\t\t<\/div>\n\t\t\t\t<\/div>\n\t\t<div class=\"elementor-element elementor-element-39b0f7a e-flex e-con-boxed e-con e-parent\" data-id=\"39b0f7a\" data-element_type=\"container\" data-settings=\"{&quot;content_width&quot;:&quot;boxed&quot;}\" data-core-v316-plus=\"true\">\n\t\t\t\t\t<div class=\"e-con-inner\">\n\t\t\t\t\t<\/div>\n\t\t\t\t<\/div>\n\t\t<div class=\"elementor-element elementor-element-dbfcf2b e-flex e-con-boxed e-con e-parent\" data-id=\"dbfcf2b\" data-element_type=\"container\" data-settings=\"{&quot;content_width&quot;:&quot;boxed&quot;}\" data-core-v316-plus=\"true\">\n\t\t\t\t\t<div class=\"e-con-inner\">\n\t\t\t\t<div class=\"elementor-element elementor-element-5dda3a80 elementor-widget elementor-widget-text-editor\" data-id=\"5dda3a80\" data-element_type=\"widget\" data-widget_type=\"text-editor.default\">\n\t\t\t\t<div class=\"elementor-widget-container\">\n\t\t\t\t\t\t\t<p><!-- wp:html --><\/p>\n<figure class=\"wp-block-image size-large\"><\/figure>\n<p><!-- \/wp:image --><!-- wp:html --><\/p>\n<section class=\"section-st\">\n<h1>Impulso a la pyme<\/h1>\n<p>El <b style=\"color: #8bc43f;\">Kit Digital<\/b> es una iniciativa del gobierno espa\u00f1ol dirigida a todas las peque\u00f1as y medianas empresas, as\u00ed como aut\u00f3nomos, que tiene como objetivo subvencionar la implantaci\u00f3n de soluciones digitales para conseguir un avance significativo en el nivel de madurez digital. Las subvenciones, de hasta 12.000\u20ac, son a fondo perdido y por tanto, no suponen ning\u00fan gasto para la empresa. Este programa contar\u00e1 con una inversi\u00f3n de m\u00e1s de 3.000 millones de euros repartidos de 2021 a 2023 para impulsar el crecimiento y desarrollo de hasta un mill\u00f3n de pymes y aut\u00f3nomos.<\/p>\n<\/section>\n<p><!-- \/wp:html --><!-- wp:html --><\/p>\n<section class=\"global\">\n<h1 class=\"primerh\">Importe m\u00e1ximo de la ayuda<\/h1>\n<section class=\"section-nd\">\n<section class=\"primero\">\n<p>Segmento I.<\/p>\n<p>Entre 10 y 50 empleados<\/p>\n<p><b>12.000\u20ac<\/b><\/p>\n<\/section>\n<section class=\"segundo\">\n<p>Segmento II.<\/p>\n<p>Entre 3 y 9 empleados<\/p>\n<p><b>6.000\u20ac<\/b><\/p>\n<\/section>\n<section class=\"tercero\">\n<p>Segmento III.<\/p>\n<p>Entre 0 y 2 empleados<\/p>\n<p><b>2.000\u20ac<\/b><\/p>\n<\/section>\n<\/section>\n<section class=\"sectionrd\">\n<h1 class=\"segundoh\">Requisitos para acceder al Kit Digital<\/h1>\n<section class=\"section-rd\">\n<h5>Los requisitos para que las Pymes y aut\u00f3nomos puedan solicitar la ayuda del Kit Digital son:<\/h5>\n<ul>\n<li>Ser una peque\u00f1a empresa, microempresa o aut\u00f3nomo.<\/li>\n<li>Cumplir con los l\u00edmites financieros y efectivos que definen las diferentes categor\u00edas.<\/li>\n<li>Estar en situaci\u00f3n de alta y tener la antig\u00fcedad m\u00ednima establecida en la convocatoria.<\/li>\n<li>Carecer de situaci\u00f3n de empresa en crisis.<\/li>\n<li>Estar al corriente de las obligaciones tributarias frente a la Seguridad Social.<\/li>\n<li>No incurrir en ninguna de las prohibiciones previstas en el art\u00edculo 13.2 de la ley 38\/2003 de 17 de noviembre general de subvenciones.<\/li>\n<li>No estar sujeto a ninguna orden de recuperaci\u00f3n pendiente por parte de la Comisi\u00f3n Europea que haya declarado ayuda ilegal e incompatible con el mercado com\u00fan.<\/li>\n<\/ul>\n<p><a href=\"https:\/\/www.syscel.com\/ns\/wp-content\/uploads\/2023\/04\/Kit_Digital_Guia_pymes_13-01-22.pdf\" target=\"_blank\" rel=\"noopener\"><button>Desc\u00e1rgate la gu\u00eda<\/button><\/a><\/p>\n<\/section>\n<\/section>\n<\/section>\n<p><!-- \/wp:html --><\/p>\t\t\t\t\t\t<\/div>\n\t\t\t\t<\/div>\n\t\t\t\t\t<\/div>\n\t\t\t\t<\/div>\n\t\t<div class=\"elementor-element elementor-element-c9e8de5 e-flex e-con-boxed e-con e-parent\" data-id=\"c9e8de5\" data-element_type=\"container\" data-settings=\"{&quot;shape_divider_top&quot;:&quot;triangle&quot;,&quot;content_width&quot;:&quot;boxed&quot;}\" data-core-v316-plus=\"true\">\n\t\t\t\t\t<div class=\"e-con-inner\">\n\t\t\t\t<div class=\"elementor-shape elementor-shape-top\" data-negative=\"false\">\n\t\t\t<svg xmlns=\"http:\/\/www.w3.org\/2000\/svg\" viewBox=\"0 0 1000 100\" preserveAspectRatio=\"none\">\n\t<path class=\"elementor-shape-fill\" d=\"M500,98.9L0,6.1V0h1000v6.1L500,98.9z\"\/>\n<\/svg>\t\t<\/div>\n\t\t<div class=\"elementor-element elementor-element-86d4392 e-con-full e-flex e-con e-child\" data-id=\"86d4392\" data-element_type=\"container\" data-settings=\"{&quot;content_width&quot;:&quot;full&quot;}\">\n\t\t\t\t<div class=\"elementor-element elementor-element-269d723 elementor-widget elementor-widget-heading\" data-id=\"269d723\" data-element_type=\"widget\" data-widget_type=\"heading.default\">\n\t\t\t\t<div class=\"elementor-widget-container\">\n\t\t\t<h2 class=\"elementor-heading-title elementor-size-default\">Sitio Web y Presencia b\u00e1sica en Internet<\/h2>\t\t<\/div>\n\t\t\t\t<\/div>\n\t\t\t\t<div class=\"elementor-element elementor-element-b2e7315 elementor-widget elementor-widget-heading\" data-id=\"b2e7315\" data-element_type=\"widget\" data-widget_type=\"heading.default\">\n\t\t\t\t<div class=\"elementor-widget-container\">\n\t\t\t<h6 class=\"elementor-heading-title elementor-size-default\">Hasta 2.000\u20ac\n\nExclusiva para los segmentos I, II y III<\/h6>\t\t<\/div>\n\t\t\t\t<\/div>\n\t\t\t\t<div class=\"elementor-element elementor-element-71639fb elementor-widget elementor-widget-text-editor\" data-id=\"71639fb\" data-element_type=\"widget\" data-widget_type=\"text-editor.default\">\n\t\t\t\t<div class=\"elementor-widget-container\">\n\t\t\t\t\t\t\t<div class=\"lc-inline_block_cd64ad28746f73273d316824a310ac02-edit block block-layout-builder block-field-blocknodesolution-packagefield-subtitle\">\n<div class=\"clearfix text-formatted field field--name-field-subtitle field--type-text-long field--label-hidden field__item\">\n<p class=\"i4t-wrap-text\">El principal objetivo de esta categor\u00eda es que puedas tener una p\u00e1gina web para darte visibilidad en internet.<\/p>\n<\/div>\n<\/div>\n<div class=\"lc-inline_block_7cef724adecd853060d694955712d755-edit block block-layout-builder block-field-blocknodesolution-packagebody\">\n<div class=\"clearfix text-formatted field field--name-body field--type-text-with-summary field--label-hidden field__item\">\n<h4 id=\"i4t-id-vel0f73y7\" class=\"h2_title_underlined\">Funcionalidades y servicios<\/h4>\n<div>\n<ul>\n<li class=\"paragraph\">\n<p class=\"i4t-wrap-text\"><span class=\"i4t-wrap-text\"><strong>Dominio:<\/strong>\u00a0en caso de que a\u00fan no dispongas de un dominio de tu web, se te dar\u00e1 uno\u00a0durante un plazo m\u00ednimo de doce meses. La titularidad del dominio ser\u00e1 tuya por completo.\u00a0<\/span><\/p>\n<\/li>\n<li class=\"paragraph\">\n<p class=\"i4t-wrap-text\"><span class=\"i4t-wrap-text\"><strong>Hosting:<\/strong>\u00a0tambi\u00e9n tendr\u00e1s a tu disposici\u00f3n el\u00a0alojamiento de la p\u00e1gina web durante un plazo m\u00ednimo de doce meses.\u00a0<\/span><\/p>\n<\/li>\n<li class=\"paragraph\">\n<p class=\"i4t-wrap-text\"><span class=\"i4t-wrap-text\"><strong>Dise\u00f1o de la p\u00e1gina web:<\/strong>\u00a0como parte del servicio tendr\u00e1s la estructura de la web, con un m\u00ednimo de 3 apartados. Se consideran p\u00e1ginas o apartados de una web, elementos tales como: p\u00e1gina de inicio (Landing Page), presentaci\u00f3n de la empresa, formulario de contacto, descripci\u00f3n de productos, datos de contacto, mapa del sitio (sitemap), etc.<\/span><\/p>\n<\/li>\n<li class=\"paragraph\">\n<p class=\"i4t-wrap-text\"><span class=\"i4t-wrap-text\"><strong>Web\u00a0responsive:<\/strong>\u00a0tu web se adaptar\u00e1 perfectamente a cualquier tipo de dispositivo.\u00a0<\/span><\/p>\n<\/li>\n<li class=\"paragraph\">\n<p class=\"i4t-wrap-text\"><span class=\"i4t-wrap-text\"><strong>Accesibilidad:<\/strong>\u00a0el dise\u00f1o de tu web cumplir\u00e1 con los criterios de conformidad de nivel AA de las Pautas WCAG-2.1.\u00a0<\/span><\/p>\n<\/li>\n<li class=\"paragraph\">\n<p class=\"i4t-wrap-text\"><span class=\"i4t-wrap-text\"><strong>Posicionamiento b\u00e1sico en internet:<\/strong>\u00a0 la informaci\u00f3n de tu pyme ser\u00e1 indexable por los principales motores de b\u00fasqueda (On-Page).<\/span><\/p>\n<\/li>\n<li class=\"paragraph\">\n<p class=\"i4t-wrap-text\"><span class=\"i4t-wrap-text\"><strong>Autogestionable:<\/strong>\u00a0dispondr\u00e1s tambi\u00e9n de una plataforma de gesti\u00f3n de contenidos para que puedas modificar los contenidos de tu web sin necesidad de ayuda.<\/span><\/p>\n<\/li>\n<li>\n<p class=\"i4t-wrap-text\"><span class=\"i4t-wrap-text\"><strong>Optimizaci\u00f3n de la presencia en buscadores (SEO b\u00e1sico):\u00a0<\/strong>An\u00e1lisis de palabras clave, SEO On-Page de 2 p\u00e1ginas o apartados, indexaci\u00f3n y jerarquizaci\u00f3n del contenido.<\/span><\/p>\n<\/li>\n<li>\n<p class=\"i4t-wrap-text\"><span class=\"i4t-wrap-text\"><strong>Multidioma:<\/strong>\u00a0se te dar\u00e1 la opci\u00f3n de tener tu web preparada para el multidioma y traducida a un idioma, adem\u00e1s del castellano.<\/span><\/p>\n<\/li>\n<\/ul>\n<\/div>\n<\/div>\n<\/div>\t\t\t\t\t\t<\/div>\n\t\t\t\t<\/div>\n\t\t\t\t<div class=\"elementor-element elementor-element-adfc5f6 elementor-widget elementor-widget-heading\" data-id=\"adfc5f6\" data-element_type=\"widget\" data-widget_type=\"heading.default\">\n\t\t\t\t<div class=\"elementor-widget-container\">\n\t\t\t<h2 class=\"elementor-heading-title elementor-size-default\">Gesti\u00f3n de procesos<\/h2>\t\t<\/div>\n\t\t\t\t<\/div>\n\t\t\t\t<div class=\"elementor-element elementor-element-4b540cc elementor-widget elementor-widget-heading\" data-id=\"4b540cc\" data-element_type=\"widget\" data-widget_type=\"heading.default\">\n\t\t\t\t<div class=\"elementor-widget-container\">\n\t\t\t<h6 class=\"elementor-heading-title elementor-size-default\">Hasta 18.000\u20ac\n<\/h6>\t\t<\/div>\n\t\t\t\t<\/div>\n\t\t\t\t<div class=\"elementor-element elementor-element-3440ee1 elementor-widget elementor-widget-text-editor\" data-id=\"3440ee1\" data-element_type=\"widget\" data-widget_type=\"text-editor.default\">\n\t\t\t\t<div class=\"elementor-widget-container\">\n\t\t\t\t\t\t\t<div class=\"lc-inline_block_cd64ad28746f73273d316824a310ac02-edit block block-layout-builder block-field-blocknodesolution-packagefield-subtitle\">\n<div class=\"clearfix text-formatted field field--name-field-subtitle field--type-text-long field--label-hidden field__item\">\n<p class=\"i4t-wrap-text\">El principal objetivo de esta categor\u00eda es digitalizar y\/o automatizar procesos de tu negocio, relacionados con los aspectos operativos o productivos.<\/p>\n<\/div>\n<\/div>\n<div class=\"lc-inline_block_7cef724adecd853060d694955712d755-edit block block-layout-builder block-field-blocknodesolution-packagebody\">\n<div class=\"clearfix text-formatted field field--name-body field--type-text-with-summary field--label-hidden field__item\">\n<h4 class=\"i4t-wrap-text\">Funcionalidades y servicios<\/h4>\n<ul>\n<li class=\"paragraph\">\n<p class=\"i4t-wrap-text\"><span class=\"i4t-wrap-text\"><strong>Digitalizaci\u00f3n y\/o automatizaci\u00f3n de procesos y flujos de trabajo:<\/strong>\u00a0tendr\u00e1s digitalizados y\/o automatizados procesos\u00a0(horizontales y verticales)\u00a0tales como:<\/span><\/p>\n<ul>\n<li class=\"paragraph\">\n<p class=\"i4t-wrap-text\"><span class=\"i4t-wrap-text\"><strong>Contabilidad\/finanzas:<\/strong>\u00a0cuentas por cobrar\/por pagar, gesti\u00f3n de activos y generaci\u00f3n de cierres y balances, etc.<\/span><\/p>\n<\/li>\n<li class=\"paragraph\">\n<p class=\"i4t-wrap-text\"><span class=\"i4t-wrap-text\"><strong>Facturaci\u00f3n:<\/strong>\u00a0automatizaci\u00f3n de los procesos de facturaci\u00f3n con la generaci\u00f3n de presupuestos, albaranes y facturas, adaptados a\u00a0los requisitos del art\u00edculo 29.2.j) de la Ley 58\/2003, de 17 de diciembre, General Tributaria, y a su normativa de desarrollo.<\/span><\/p>\n<\/li>\n<li class=\"paragraph\">\n<p class=\"i4t-wrap-text\"><span class=\"i4t-wrap-text\"><strong>Proyectos:<\/strong>\u00a0control de presupuestos, costes, estimaciones, optimizaci\u00f3n de los recursos, etc.<\/span><\/p>\n<\/li>\n<li class=\"paragraph\">\n<p class=\"i4t-wrap-text\"><span class=\"i4t-wrap-text\"><strong>Inventario:<\/strong>\u00a0previsi\u00f3n, niveles de stock, env\u00edos, distribuciones, devoluciones y cancelaciones, etc.<\/span><\/p>\n<\/li>\n<li class=\"paragraph\">\n<p class=\"i4t-wrap-text\"><span class=\"i4t-wrap-text\"><strong>Compras y pagos:<\/strong>\u00a0gesti\u00f3n de pedidos de compra y proveedores.<\/span><\/p>\n<\/li>\n<li class=\"paragraph\">\n<p class=\"i4t-wrap-text\"><span class=\"i4t-wrap-text\"><strong>Recursos humanos:<\/strong>\u00a0gesti\u00f3n de los recursos humanos, n\u00f3minas, etc.<\/span><\/p>\n<\/li>\n<li class=\"paragraph\">\n<p class=\"i4t-wrap-text\"><span class=\"i4t-wrap-text\"><strong>Log\u00edstica:<\/strong>\u00a0gesti\u00f3n de flotas y rutas, entre otras.<\/span><\/p>\n<\/li>\n<\/ul>\n<\/li>\n<\/ul>\n<p class=\"i4t-wrap-text\">Se entiende por soluci\u00f3n horizontal aquella que agrupa o soporta varios procesos de la cadena de valor, mientras que soluci\u00f3n vertical es aquella que soporta un \u00fanico proceso dentro de la cadena de valor de tu pyme.<\/p>\n<ul>\n<li class=\"paragraph\">\n<p class=\"i4t-wrap-text\"><span class=\"i4t-wrap-text\"><strong>Integraci\u00f3n con diversas plataformas:<\/strong>\u00a0la soluci\u00f3n dispondr\u00e1 de APIs o Web Services para su integraci\u00f3n con otras herramientas.<\/span><\/p>\n<\/li>\n<li class=\"paragraph\">\n<p class=\"i4t-wrap-text\"><span class=\"i4t-wrap-text\"><strong>Actualizable:\u00a0<\/strong>acceder\u00e1s a actualizaciones de la soluci\u00f3n con nuevas versiones.<\/span><\/p>\n<\/li>\n<li class=\"paragraph\">\n<p class=\"i4t-wrap-text\"><span class=\"i4t-wrap-text\"><strong>Escalable:\u00a0<\/strong>si tu empresa crece o cambia estructuralmente, la soluci\u00f3n se adaptar\u00e1 a estos cambios<\/span><\/p>\n<\/li>\n<li class=\"paragraph\">\n<p class=\"i4t-wrap-text\"><span class=\"i4t-wrap-text\"><strong>Cumplimiento<\/strong>: podr\u00e1s asegurar el cumplimiento de la normativa aplicable, en concreto del Reglamento por el que se regulan las obligaciones de facturaci\u00f3n del Real Decreto 1619\/2012, as\u00ed como cualquier normativa de aplicaci\u00f3n.<\/span><\/p>\n<\/li>\n<li>\n<p class=\"i4t-wrap-text\"><span class=\"i4t-wrap-text\"><strong>M\u00f3dulos individuales:\u00a0<\/strong>se podr\u00e1n incorporar nuevos m\u00f3dulos individuales, siendo estos aquellos\u00a0que agrupan o soportan un \u00fanico subproceso de la cadena de valor de tu pyme, sobre una soluci\u00f3n de gesti\u00f3n de procesos ya existente. No obstante, no podr\u00e1 consistir en\u00a0un desarrollo, progreso, aumento o enriquecimiento de los servicios y funcionalidades de la soluci\u00f3n existente. Tampoco podr\u00e1 ser la actualizaci\u00f3n debido a\u00a0<em>releases<\/em>\u00a0que el proveedor publique sobre una versi\u00f3n de software, ni\u00a0<em>upgrades<\/em>\u00a0o mejora de versiones existentes. El nuevo m\u00f3dulo individual que se implante debe cumplir con todos los requisitos establecidos en las bases de esta categor\u00eda y debe ofertarse a precio de mercado.<\/span><\/p>\n<\/li>\n<\/ul>\n<\/div>\n<\/div>\t\t\t\t\t\t<\/div>\n\t\t\t\t<\/div>\n\t\t\t\t<div class=\"elementor-element elementor-element-24e6a8b elementor-widget elementor-widget-heading\" data-id=\"24e6a8b\" data-element_type=\"widget\" data-widget_type=\"heading.default\">\n\t\t\t\t<div class=\"elementor-widget-container\">\n\t\t\t<h2 class=\"elementor-heading-title elementor-size-default\">Gesti\u00f3n de redes sociales<\/h2>\t\t<\/div>\n\t\t\t\t<\/div>\n\t\t\t\t<div class=\"elementor-element elementor-element-3e90855 elementor-widget elementor-widget-heading\" data-id=\"3e90855\" data-element_type=\"widget\" data-widget_type=\"heading.default\">\n\t\t\t\t<div class=\"elementor-widget-container\">\n\t\t\t<h6 class=\"elementor-heading-title elementor-size-default\">Hasta 5.000\u20ac<\/h6>\t\t<\/div>\n\t\t\t\t<\/div>\n\t\t\t\t<div class=\"elementor-element elementor-element-339b968 elementor-widget elementor-widget-text-editor\" data-id=\"339b968\" data-element_type=\"widget\" data-widget_type=\"text-editor.default\">\n\t\t\t\t<div class=\"elementor-widget-container\">\n\t\t\t\t\t\t\t<div class=\"lc-inline_block_cd64ad28746f73273d316824a310ac02-edit block block-layout-builder block-field-blocknodesolution-packagefield-subtitle\">\n<div class=\"clearfix text-formatted field field--name-field-subtitle field--type-text-long field--label-hidden field__item\">\n<p class=\"i4t-wrap-text\">El principal objetivo de esta categor\u00eda es promocionar tu empresa en redes sociales.<\/p>\n<\/div>\n<\/div>\n<div class=\"lc-inline_block_7cef724adecd853060d694955712d755-edit block block-layout-builder block-field-blocknodesolution-packagebody\">\n<div class=\"clearfix text-formatted field field--name-body field--type-text-with-summary field--label-hidden field__item\">\n<h4 id=\"i4t-id-d0mu0kaka\" class=\"h2_title_underlined\">Funcionalidades y servicios<\/h4>\n<ul>\n<li class=\"paragraph\">\n<p class=\"i4t-wrap-text\"><span class=\"i4t-wrap-text\"><strong>Social Media Plan:<\/strong>\u00a0contar\u00e1s con una estrategia de redes sociales alineada con tu misi\u00f3n y visi\u00f3n, para que sea relevante y conecte con tus potenciales clientes y fidelice a aquellos usuarios que ya lo sean.<\/span><\/p>\n<\/li>\n<li class=\"paragraph\">\n<p class=\"i4t-wrap-text\"><span class=\"i4t-wrap-text\"><strong>Monitorizaci\u00f3n de redes sociales:<\/strong>\u00a0tendr\u00e1s monitorizados y controlados de manera peri\u00f3dica los impactos de las acciones en redes sociales para ver tus resultados y saber si est\u00e1s cumpliendo con los objetivos de tu estrategia.<\/span><\/p>\n<\/li>\n<li class=\"paragraph\">\n<p class=\"i4t-wrap-text\"><span class=\"i4t-wrap-text\"><strong>Optimizaci\u00f3n de la red\/Auditor\u00eda Social Media:<\/strong>\u00a0te ayudar\u00e1 a optimizar el rendimiento, analizando diferentes canales sociales.<\/span><\/p>\n<\/li>\n<li class=\"paragraph\">\n<p class=\"i4t-wrap-text\"><span class=\"i4t-wrap-text\"><strong>Gesti\u00f3n de rede sociales<\/strong><strong>:<\/strong>\u00a0el Agente Digitalizador que hayas seleccionado para proporcionarte la soluci\u00f3n te administrar\u00e1 el perfil\/usuario en, al menos, una red social.\u00a0Si perteneces a los segmentos IV o V, la gesti\u00f3n ser\u00e1 de al menos 2 redes sociales.<\/span><\/p>\n<\/li>\n<li class=\"paragraph\">\n<p class=\"i4t-wrap-text\"><span class=\"i4t-wrap-text\"><strong>Publicaci\u00f3n de posts\u00a0mensuales:<\/strong>\u00a0para los segmentos I, II y III el Agente Digitalizador publicar\u00e1 un m\u00ednimo de 4-8 entradas (posts) mensuales en tus redes sociales.\u00a0En el caso de los segmentos IV y V ser\u00e1n m\u00ednimo 12 posts mensuales.<\/span><\/p>\n<\/li>\n<li class=\"paragraph\">\n<p class=\"i4t-wrap-text\"><span class=\"i4t-wrap-text\"><strong>Aplicaci\u00f3n de una estrategia de escucha activa:<\/strong>\u00a0te ayudar\u00e1 a mantener una supervisi\u00f3n de tus redes sociales. (Exclusivo para Segmento IV y V)<\/span><\/p>\n<\/li>\n<li class=\"paragraph\">\n<p class=\"i4t-wrap-text\"><span class=\"i4t-wrap-text\"><strong>Creaci\u00f3n de contenido audiovisual mensual:<\/strong>\u00a0el Agente Digitalizador se encargar\u00e1 de la creaci\u00f3n y publicaci\u00f3n de, al menos, dos entradas (posts) mensuales de contenido audiovisual. (Exclusivo para Segmento IV y V)<\/span><\/p>\n<\/li>\n<\/ul>\n<\/div>\n<\/div>\t\t\t\t\t\t<\/div>\n\t\t\t\t<\/div>\n\t\t\t\t<div class=\"elementor-element elementor-element-8880490 elementor-widget elementor-widget-heading\" data-id=\"8880490\" data-element_type=\"widget\" data-widget_type=\"heading.default\">\n\t\t\t\t<div class=\"elementor-widget-container\">\n\t\t\t<h2 class=\"elementor-heading-title elementor-size-default\">Presencia Avanzada en Internet<\/h2>\t\t<\/div>\n\t\t\t\t<\/div>\n\t\t\t\t<div class=\"elementor-element elementor-element-897636a elementor-widget elementor-widget-heading\" data-id=\"897636a\" data-element_type=\"widget\" data-widget_type=\"heading.default\">\n\t\t\t\t<div class=\"elementor-widget-container\">\n\t\t\t<h6 class=\"elementor-heading-title elementor-size-default\">Hasta 5.000\u20ac\n\nExcluida de la primera convocatoria<\/h6>\t\t<\/div>\n\t\t\t\t<\/div>\n\t\t\t\t<div class=\"elementor-element elementor-element-f7190f8 elementor-widget elementor-widget-text-editor\" data-id=\"f7190f8\" data-element_type=\"widget\" data-widget_type=\"text-editor.default\">\n\t\t\t\t<div class=\"elementor-widget-container\">\n\t\t\t\t\t\t\t<div class=\"lc-inline_block_cd64ad28746f73273d316824a310ac02-edit block block-layout-builder block-field-blocknodesolution-packagefield-subtitle\">\n<div class=\"clearfix text-formatted field field--name-field-subtitle field--type-text-long field--label-hidden field__item\">\n<p class=\"i4t-wrap-text\">El principal objetivo de esta categor\u00eda es la prestaci\u00f3n de funcionalidades y\/o servicios que aseguren tu posicionamiento en internet, aumentando tu alcance de potenciales clientes e incrementando el tr\u00e1fico de visitas en tu\/-s plataforma\/-s.<\/p>\n<\/div>\n<\/div>\n<div class=\"lc-inline_block_7cef724adecd853060d694955712d755-edit block block-layout-builder block-field-blocknodesolution-packagebody\">\n<div class=\"clearfix text-formatted field field--name-body field--type-text-with-summary field--label-hidden field__item\">\n<h4 id=\"i4t-id-c96jfmg8w\" class=\"h2_title_underlined\">Funcionalidades y servicios<\/h4>\n<div>\n<ul>\n<li><strong>Posicionamiento b\u00e1sico en internet:\u00a0<\/strong>la soluci\u00f3n deber\u00e1 posicionar la informaci\u00f3n b\u00e1sica del\u00a0negocio, contacto y perfil de tu empresa en los principales sites, redes de negocio o directorios de empresas y profesionales.<\/li>\n<li><strong>An\u00e1lisis de palabras clave:\u00a0<\/strong>gesti\u00f3n, b\u00fasqueda y an\u00e1lisis de palabras clave con el fin de desarrollar estrategias \u00fatiles para que los buscadores clasifiquen el contenido y ayuden a los usuarios a encontrar resultados relevantes para sus consultas.<\/li>\n<li><strong>An\u00e1lisis de la competencia:\u00a0<\/strong>la soluci\u00f3n incluye un an\u00e1lisis mensual de la competencia para informarte de tu situaci\u00f3n frente a otros competidores.<\/li>\n<li><strong>SEO On-Page:\u00a0<\/strong>la soluci\u00f3n debe ofrecer un servicio m\u00ednimo de dos p\u00e1ginas o apartados SEO On-Page, optimizando la estructura y el contenido interno para mejorar la posici\u00f3n natural de tu pyme en buscadores, as\u00ed como la indexaci\u00f3n y jerarquizaci\u00f3n del contenido.<\/li>\n<li><strong>SEO Off-Page:\u00a0<\/strong>la soluci\u00f3n deber\u00e1 proveer este servicio, que conllevar\u00e1 la ejecuci\u00f3n de acciones fuera del entorno del sitio web para mejorar tu posicionamiento org\u00e1nico.<\/li>\n<li class=\"paragraph\"><a data-insuit-uuid=\"86858670-4227-4524-9477-f12c8db2e8d7\"><strong>Creaci\u00f3n de metadatos estructurados de p\u00e1gina:<\/strong><\/a>\u00a0soluci\u00f3n te proporcionar\u00e1 la creaci\u00f3n de metadatos estructurados de tu p\u00e1gina (Exclusivo para los segmentos IV y V).<\/li>\n<li><strong>Informes mensuales de seguimiento:\u00a0<\/strong>la soluci\u00f3n incluye un reporte mensual de los resultados de las acciones ejecutadas para generar consciencia de la evoluci\u00f3n y la repercusi\u00f3n de las mismas en la presencia en internet de tu negocio.<\/li>\n<\/ul>\n<p class=\"i4t-wrap-text\">\u00a0<\/p>\n<\/div>\n<\/div>\n<\/div>\t\t\t\t\t\t<\/div>\n\t\t\t\t<\/div>\n\t\t\t\t<div class=\"elementor-element elementor-element-82b2610 elementor-widget elementor-widget-heading\" data-id=\"82b2610\" data-element_type=\"widget\" data-widget_type=\"heading.default\">\n\t\t\t\t<div class=\"elementor-widget-container\">\n\t\t\t<h2 class=\"elementor-heading-title elementor-size-default\">Servicios y herramientas de oficina virtual<\/h2>\t\t<\/div>\n\t\t\t\t<\/div>\n\t\t\t\t<div class=\"elementor-element elementor-element-1aca440 elementor-widget elementor-widget-heading\" data-id=\"1aca440\" data-element_type=\"widget\" data-widget_type=\"heading.default\">\n\t\t\t\t<div class=\"elementor-widget-container\">\n\t\t\t<h6 class=\"elementor-heading-title elementor-size-default\">Hasta 29.000\u20ac<\/h6>\t\t<\/div>\n\t\t\t\t<\/div>\n\t\t\t\t<div class=\"elementor-element elementor-element-3c49989 elementor-widget elementor-widget-text-editor\" data-id=\"3c49989\" data-element_type=\"widget\" data-widget_type=\"text-editor.default\">\n\t\t\t\t<div class=\"elementor-widget-container\">\n\t\t\t\t\t\t\t<div class=\"lc-inline_block_cd64ad28746f73273d316824a310ac02-edit block block-layout-builder block-field-blocknodesolution-packagefield-subtitle\">\n<div class=\"clearfix text-formatted field field--name-field-subtitle field--type-text-long field--label-hidden field__item\">\n<p class=\"i4t-wrap-text\">El principal objetivo de esta categor\u00eda es implantar en tu empresa soluciones interactivas y funcionales que permitan la colaboraci\u00f3n m\u00e1s eficiente entre tus trabajadores.<\/p>\n<\/div>\n<\/div>\n<div class=\"lc-inline_block_7cef724adecd853060d694955712d755-edit block block-layout-builder block-field-blocknodesolution-packagebody\">\n<div class=\"clearfix text-formatted field field--name-body field--type-text-with-summary field--label-hidden field__item\">\n<h4 id=\"i4t-id-9uvs5ddt9\" class=\"h2_title_underlined\">Funcionalidades y servicios<\/h4>\n<div>\n<ul>\n<li class=\"paragraph\">\n<p class=\"i4t-wrap-text\"><span class=\"i4t-wrap-text\"><strong>Colaboraci\u00f3n en equipos de trabajo:<\/strong>\u00a0tendr\u00e1s asistencia por parte del proveedor en el proceso creativo de ideaci\u00f3n o gesti\u00f3n de equipos para la gesti\u00f3n colaborativa de proyectos, compartir recursos y\/o conocimientos, dotar de herramientas para la interacci\u00f3n de los equipos en los procesos de ideaci\u00f3n o resoluci\u00f3n de problemas, as\u00ed como la configuraci\u00f3n y personalizaci\u00f3n de flujos de trabajo, tareas, etc<\/span><\/p>\n<\/li>\n<li class=\"paragraph\">\n<p class=\"i4t-wrap-text\"><span class=\"i4t-wrap-text\"><strong>Almacenar y compartir archivos:<\/strong>\u00a0dispondr\u00e1s de 1 TB de almacenamiento.<\/span><\/p>\n<\/li>\n<li class=\"paragraph\">\n<p class=\"i4t-wrap-text\"><span class=\"i4t-wrap-text\"><strong>Compatibilidad con dispositivos m\u00f3viles:<\/strong>\u00a0tu soluci\u00f3n ser\u00e1 compatible con dispositivos m\u00f3viles.<\/span><\/p>\n<\/li>\n<li class=\"paragraph\">\n<p class=\"i4t-wrap-text\"><strong>Calendario y agenda:<\/strong>\u00a0te permitir\u00e1 organizar un calendario y tus tareas previstas<\/p>\n<\/li>\n<\/ul>\n<\/div>\n<\/div>\n<\/div>\t\t\t\t\t\t<\/div>\n\t\t\t\t<\/div>\n\t\t\t\t<div class=\"elementor-element elementor-element-7238c09 elementor-widget elementor-widget-heading\" data-id=\"7238c09\" data-element_type=\"widget\" data-widget_type=\"heading.default\">\n\t\t\t\t<div class=\"elementor-widget-container\">\n\t\t\t<h2 class=\"elementor-heading-title elementor-size-default\">Comunicaciones seguras<\/h2>\t\t<\/div>\n\t\t\t\t<\/div>\n\t\t\t\t<div class=\"elementor-element elementor-element-5ddd68a elementor-widget elementor-widget-heading\" data-id=\"5ddd68a\" data-element_type=\"widget\" data-widget_type=\"heading.default\">\n\t\t\t\t<div class=\"elementor-widget-container\">\n\t\t\t<h6 class=\"elementor-heading-title elementor-size-default\">Hasta 29.000\u20ac<\/h6>\t\t<\/div>\n\t\t\t\t<\/div>\n\t\t\t\t<div class=\"elementor-element elementor-element-fa31d60 elementor-widget elementor-widget-text-editor\" data-id=\"fa31d60\" data-element_type=\"widget\" data-widget_type=\"text-editor.default\">\n\t\t\t\t<div class=\"elementor-widget-container\">\n\t\t\t\t\t\t\t<div class=\"lc-inline_block_cd64ad28746f73273d316824a310ac02-edit block block-layout-builder block-field-blocknodesolution-packagefield-subtitle\">\n<div class=\"clearfix text-formatted field field--name-field-subtitle field--type-text-long field--label-hidden field__item\">\n<p class=\"i4t-wrap-text\">Con esta soluci\u00f3n dispondr\u00e1s de seguridad en las conexiones entre los dispositivos de tus empleados y la empresa<a data-insuit-uuid=\"4da5b526-918d-45a3-a798-8b11ee26aaed\"><em>.<\/em><\/a><\/p>\n<\/div>\n<\/div>\n<div class=\"lc-inline_block_7cef724adecd853060d694955712d755-edit block block-layout-builder block-field-blocknodesolution-packagebody\">\n<div class=\"clearfix text-formatted field field--name-body field--type-text-with-summary field--label-hidden field__item\">\n<h4 class=\"h2_title_underlined\">Funcionalidades\u00a0y servicios<\/h4>\n<ul>\n<li class=\"paragraph\">\n<p class=\"i4t-wrap-text\"><a data-insuit-uuid=\"8d914019-a476-463b-90a3-54c680c43589\"><strong>SSL:<\/strong><\/a>\u00a0dispondr\u00e1s de un protocolo de capa de sockets seguros, para crear una conexi\u00f3n segura y cifrada.<\/p>\n<\/li>\n<li class=\"paragraph\">\n<p class=\"i4t-wrap-text\"><span class=\"i4t-wrap-text\"><strong>Cifrado de extremo a extremo:<\/strong>\u00a0tendr\u00e1s las comunicaciones cifradas en todo su recorrido, con el objetivo de prevenir ataques.<\/span><\/p>\n<\/li>\n<li class=\"paragraph\">\n<p class=\"i4t-wrap-text\"><span class=\"i4t-wrap-text\"><strong>Logs de conexi\u00f3n:<\/strong>\u00a0ser\u00e1s capaz de mantener un registro de los dispositivos que se han conectado a tu red privada.<\/span><\/p>\n<\/li>\n<li class=\"paragraph\">\n<p class=\"i4t-wrap-text\"><span class=\"i4t-wrap-text\"><strong>Control de acceso:<\/strong>\u00a0tendr\u00e1s la posibilidad de permitir la conexi\u00f3n a tu red privada \u00fanica y exclusivamente a los dispositivos autorizados por ti.<\/span><\/p>\n<\/li>\n<li class=\"paragraph\">\n<p class=\"i4t-wrap-text\"><span class=\"i4t-wrap-text\"><strong>Dispositivos m\u00f3viles:<\/strong>\u00a0podr\u00e1s hacer uso de esta soluci\u00f3n desde dispositivos m\u00f3viles.<\/span><\/p>\n<\/li>\n<li class=\"paragraph\">\n<p class=\"i4t-wrap-text\"><span class=\"i4t-wrap-text\"><strong>Configuraci\u00f3n inicial y actualizaciones de seguridad:<\/strong>\u00a0dispondr\u00e1s de una configuraci\u00f3n inicial para que puedas usarlo correctamente, con las respectivas actualizaciones de firmas de\u00a0<em>malware\u00a0<\/em>y otros datos para detecci\u00f3n de amenazas adem\u00e1s de las actualizaciones de software de seguridad peri\u00f3dicas requeridas<\/span><\/p>\n<\/li>\n<\/ul>\n<\/div>\n<\/div>\t\t\t\t\t\t<\/div>\n\t\t\t\t<\/div>\n\t\t\t\t<div class=\"elementor-element elementor-element-0d8664c elementor-widget elementor-widget-heading\" data-id=\"0d8664c\" data-element_type=\"widget\" data-widget_type=\"heading.default\">\n\t\t\t\t<div class=\"elementor-widget-container\">\n\t\t\t<h2 class=\"elementor-heading-title elementor-size-default\">BI y anal\u00edtica<\/h2>\t\t<\/div>\n\t\t\t\t<\/div>\n\t\t\t\t<div class=\"elementor-element elementor-element-53a0d68 elementor-widget elementor-widget-heading\" data-id=\"53a0d68\" data-element_type=\"widget\" data-widget_type=\"heading.default\">\n\t\t\t\t<div class=\"elementor-widget-container\">\n\t\t\t<h6 class=\"elementor-heading-title elementor-size-default\">Hasta 8.000\u20ac<\/h6>\t\t<\/div>\n\t\t\t\t<\/div>\n\t\t\t\t<div class=\"elementor-element elementor-element-38583bd elementor-widget elementor-widget-text-editor\" data-id=\"38583bd\" data-element_type=\"widget\" data-widget_type=\"text-editor.default\">\n\t\t\t\t<div class=\"elementor-widget-container\">\n\t\t\t\t\t\t\t<div class=\"lc-inline_block_cd64ad28746f73273d316824a310ac02-edit block block-layout-builder block-field-blocknodesolution-packagefield-subtitle\">\n<div class=\"clearfix text-formatted field field--name-field-subtitle field--type-text-long field--label-hidden field__item\">\n<p class=\"i4t-wrap-text\">El objetivo de esta categor\u00eda es posibilitarte la explotaci\u00f3n de datos de tu empresa para la mejora del proceso de toma de decisiones.<\/p>\n<\/div>\n<\/div>\n<div class=\"lc-inline_block_7cef724adecd853060d694955712d755-edit block block-layout-builder block-field-blocknodesolution-packagebody\">\n<div class=\"clearfix text-formatted field field--name-body field--type-text-with-summary field--label-hidden field__item\">\n<h4 id=\"i4t-id-upwooypsf\" class=\"h2_title_underlined\">Funcionalidades y servicios<\/h4>\n<div>\n<ul>\n<li class=\"paragraph\"><strong>Integraci\u00f3n de datos con otras bases de datos:<\/strong>\u00a0tendr\u00e1s acceso a otras bases de datos y a la realizaci\u00f3n de comparaciones con los datos expuestos.<\/li>\n<li class=\"paragraph\"><strong>Almacenamiento de datos:<\/strong>\u00a0si perteneces a los segmentos I, II o III,\u00a0dispondr\u00e1s de una capacidad de almacenamiento como m\u00ednimo de 1 GB por usuario.\u00a0Para los segmentos IV y V, la capacidad de almacenamiento m\u00ednima ser\u00e1 de 5 GB por usuario.<\/li>\n<li class=\"paragraph\"><strong>Creaci\u00f3n de paneles de datos estructurados y visuales:<\/strong>\u00a0contar\u00e1s con paneles de datos personalizados con datos relevantes y distintas formas de visualizaci\u00f3n.<\/li>\n<li class=\"paragraph\"><strong>Exportaci\u00f3n de datos:\u00a0<\/strong>podr\u00e1s exportar datos a im\u00e1genes o a documentos de Excel, creando sinergias y compatibilidades con distintos programas que utilices com\u00fanmente.<\/li>\n<\/ul>\n<\/div>\n<\/div>\n<\/div>\t\t\t\t\t\t<\/div>\n\t\t\t\t<\/div>\n\t\t\t\t<\/div>\n\t\t<div class=\"elementor-element elementor-element-195f7ca e-con-full e-flex e-con e-child\" data-id=\"195f7ca\" data-element_type=\"container\" data-settings=\"{&quot;content_width&quot;:&quot;full&quot;}\">\n\t\t\t\t<div class=\"elementor-element elementor-element-61125bb elementor-widget elementor-widget-heading\" data-id=\"61125bb\" data-element_type=\"widget\" data-widget_type=\"heading.default\">\n\t\t\t\t<div class=\"elementor-widget-container\">\n\t\t\t<h2 class=\"elementor-heading-title elementor-size-default\">Comercio electr\u00f3nico<\/h2>\t\t<\/div>\n\t\t\t\t<\/div>\n\t\t\t\t<div class=\"elementor-element elementor-element-181015a elementor-widget elementor-widget-heading\" data-id=\"181015a\" data-element_type=\"widget\" data-widget_type=\"heading.default\">\n\t\t\t\t<div class=\"elementor-widget-container\">\n\t\t\t<h6 class=\"elementor-heading-title elementor-size-default\">Hasta 5.000\u20ac<\/h6>\t\t<\/div>\n\t\t\t\t<\/div>\n\t\t\t\t<div class=\"elementor-element elementor-element-ebfcc1b elementor-widget elementor-widget-text-editor\" data-id=\"ebfcc1b\" data-element_type=\"widget\" data-widget_type=\"text-editor.default\">\n\t\t\t\t<div class=\"elementor-widget-container\">\n\t\t\t\t\t\t\t<div class=\"lc-inline_block_cd64ad28746f73273d316824a310ac02-edit block block-layout-builder block-field-blocknodesolution-packagefield-subtitle\">\n<div class=\"clearfix text-formatted field field--name-field-subtitle field--type-text-long field--label-hidden field__item\">\n<p class=\"i4t-wrap-text\">El principal objetivo de la categor\u00eda es crear tu p\u00e1gina web de compraventa de productos y\/o servicios que utilice medios digitales para su intercambio. Adem\u00e1s de dar visibilidad a tu marca, dispondr\u00e1s de un e-commerce o tienda online.<\/p>\n<\/div>\n<\/div>\n<div class=\"lc-inline_block_7cef724adecd853060d694955712d755-edit block block-layout-builder block-field-blocknodesolution-packagebody\">\n<div class=\"clearfix text-formatted field field--name-body field--type-text-with-summary field--label-hidden field__item\">\n<h4 id=\"i4t-id-2o9rfegw4\" class=\"h2_title_underlined\">Funcionalidades y servicios<\/h4>\n<div>\n<ul>\n<li>\n<p class=\"i4t-wrap-text\"><span class=\"i4t-wrap-text\"><strong>Creaci\u00f3n de la tienda online o E-Commerce y alta del cat\u00e1logo de productos:<\/strong>\u00a0tendr\u00e1s a tu disposici\u00f3n un cat\u00e1logo en tu tienda online, en el que estar\u00e1n disponibles tus productos, mediante su alta, importaci\u00f3n o carga. La soluci\u00f3n incluye la carga de al menos 100 referencias de tus productos, salvo que no dispongas de este n\u00famero, en cuyo caso podr\u00e1 ser menor.<\/span><\/p>\n<\/li>\n<li>\n<p class=\"i4t-wrap-text\"><span class=\"i4t-wrap-text\"><strong>M\u00e9todos de pago:\u00a0<\/strong>el Agente Digitalizador que hayas seleccionado configurar\u00e1 e integrar\u00e1 los m\u00e9todos de pago en tu tienda online.<\/span><\/p>\n<\/li>\n<li>\n<p class=\"i4t-wrap-text\"><span class=\"i4t-wrap-text\"><strong>Dise\u00f1o Responsive:\u00a0<\/strong>tu E-Commerce se podr\u00e1 utilizar en todo tipo de dispositivos.\u00a0<\/span><\/p>\n<\/li>\n<li>\n<p class=\"i4t-wrap-text\"><span class=\"i4t-wrap-text\"><strong>Accesibilidad:\u00a0<\/strong>el dise\u00f1o de tu tienda online cumplir\u00e1 con los criterios de conformidad de nivel AA de las Pautas WCAG-2.1.\u00a0<\/span><\/p>\n<\/li>\n<li>\n<p class=\"i4t-wrap-text\"><span class=\"i4t-wrap-text\"><strong>Posicionamiento b\u00e1sico en internet:<\/strong>\u00a0conseguir\u00e1s que la informaci\u00f3n b\u00e1sica de tu negocio como el contacto y perfil de la empresa, est\u00e9 posicionada en las principales p\u00e1ginas de empresas y profesionales.<\/span><\/p>\n<\/li>\n<li>\n<p class=\"i4t-wrap-text\"><span class=\"i4t-wrap-text\"><strong>Optimizaci\u00f3n de la presencia en buscadores (SEO):<\/strong>\u00a0el Agente Digitalizador ser\u00e1 encargado de realizar un an\u00e1lisis de palabras clave, de competencia, SEO On-Page de hasta dos p\u00e1ginas o apartados para tengas un buen posicionamiento. Tambi\u00e9n realizar\u00e1 la indexaci\u00f3n y jerarquizaci\u00f3n de contenidos e informes de seguimiento trimestrales.<\/span><\/p>\n<\/li>\n<li>\n<p class=\"i4t-wrap-text\"><span class=\"i4t-wrap-text\"><strong>Autogestionable<\/strong>:\u00a0contar\u00e1s tambi\u00e9n con una plataforma de gesti\u00f3n de contenidos para que puedas modificar los contenidos de tu web sin necesidad de ayuda.<\/span><\/p>\n<\/li>\n<li>\n<p class=\"i4t-wrap-text\"><span class=\"i4t-wrap-text\"><strong>Creaci\u00f3n de un feed o \u00edndice de productos:\u00a0<\/strong>se creara un feed o \u00edndice de productos para su inserci\u00f3n en buscadores (exclusivo para Segmento IV y V)<\/span><\/p>\n<\/li>\n<li>\n<p class=\"i4t-wrap-text\"><span class=\"i4t-wrap-text\"><strong>Formas de env\u00edo:<\/strong>\u00a0tendr\u00e1s configurados e integrados los m\u00e9todos de env\u00edo digital\u00a0y\/o\u00a0f\u00edsico de los productos de tu tienda online.<\/span><\/p>\n<\/li>\n<\/ul>\n<\/div>\n<\/div>\n<\/div>\t\t\t\t\t\t<\/div>\n\t\t\t\t<\/div>\n\t\t\t\t<div class=\"elementor-element elementor-element-df581ef elementor-widget elementor-widget-heading\" data-id=\"df581ef\" data-element_type=\"widget\" data-widget_type=\"heading.default\">\n\t\t\t\t<div class=\"elementor-widget-container\">\n\t\t\t<h2 class=\"elementor-heading-title elementor-size-default\">Marketplace<\/h2>\t\t<\/div>\n\t\t\t\t<\/div>\n\t\t\t\t<div class=\"elementor-element elementor-element-13b1825 elementor-widget elementor-widget-heading\" data-id=\"13b1825\" data-element_type=\"widget\" data-widget_type=\"heading.default\">\n\t\t\t\t<div class=\"elementor-widget-container\">\n\t\t\t<h6 class=\"elementor-heading-title elementor-size-default\">Hasta 2.000\u20ac\n\nExcluida de la primera convocatoria\n\nExclusiva para los segmentos I, II y III\n<\/h6>\t\t<\/div>\n\t\t\t\t<\/div>\n\t\t\t\t<div class=\"elementor-element elementor-element-6286b05 elementor-widget elementor-widget-text-editor\" data-id=\"6286b05\" data-element_type=\"widget\" data-widget_type=\"text-editor.default\">\n\t\t\t\t<div class=\"elementor-widget-container\">\n\t\t\t\t\t\t\t<div class=\"lc-inline_block_cd64ad28746f73273d316824a310ac02-edit block block-layout-builder block-field-blocknodesolution-packagefield-subtitle\">\n<p class=\"i4t-wrap-text\">El objetivo principal de esta categor\u00eda es ayudarte a dirigir tus referencias y productos para incrementar tu nivel de ventas, optimizando los recursos existentes, eligiendo los canales de distribuci\u00f3n adecuados y adaptando tus referencias y productos a las necesidades externas.<\/p>\n<\/div>\n<div class=\"lc-inline_block_7cef724adecd853060d694955712d755-edit block block-layout-builder block-field-blocknodesolution-packagebody\">\n<div class=\"clearfix text-formatted field field--name-body field--type-text-with-summary field--label-hidden field__item\">\n<h4 id=\"i4t-id-y14rnbukq\" class=\"h2_title_underlined\">Funcionalidades y servicios<\/h4>\n<div>\n<ul>\n<li><strong>Estudio previo de alternativas y alta en la plataforma:<\/strong>\u00a0la soluci\u00f3n incluye la apertura de cuenta y alta de tu perfil, por tu cuenta, en, al menos, una plataforma de Marketplace y en, al menos, un pa\u00eds.<\/li>\n<li><strong>An\u00e1lisis de la competencia:\u00a0<\/strong>la soluci\u00f3n incluye la realizaci\u00f3n de una investigaci\u00f3n de mercado focalizada en las caracter\u00edsticas de tus competidores para mejorar tu proceso de toma de decisiones y ayudarte a alcanzar una posici\u00f3n competitiva.<\/li>\n<li><strong>Dise\u00f1o y definici\u00f3n de la estrategia de negocio:\u00a0<\/strong>la soluci\u00f3n incluye la generaci\u00f3n de la estrategia de negocio para lograr la consecuci\u00f3n de los objetivos deseados orientando los recursos disponibles hacia dicha finalidad.<\/li>\n<li><strong>Producci\u00f3n del cat\u00e1logo de referencias:\u00a0<\/strong>an\u00e1lisis de las categor\u00edas a comercializar para seleccionar, al menos, diez productos alineados con la estrategia de negocio, salvo que no dispongas de este n\u00famero, en\u00a0cuyo caso podr\u00e1 ser menor.<\/li>\n<li><strong>Creaci\u00f3n del contenido del listing:<\/strong>\u00a0definici\u00f3n de, al menos, diez descripciones del cat\u00e1logo de referencias, salvo que no dispongas de este n\u00famero, en cuyo caso podr\u00e1 ser menor.<\/li>\n<li><strong>Alta de referencias:\u00a0<\/strong>carga de, al menos, diez referencias, y sus respectivas descripciones y fotograf\u00edas, en la plataforma, salvo que no dispongas de este n\u00famero, en cuyo caso podr\u00e1 ser menor, acompa\u00f1ada por la descripci\u00f3n y fotograf\u00eda individual de cada producto.<\/li>\n<\/ul>\n<p class=\"i4t-wrap-text\">El importe de la ayuda no incluir\u00e1 el coste asociado a la suscripci\u00f3n o alta en la plataforma de Marketplace ni los costes variables asociados a la venta de las referencias dadas de alta en la plataforma.<\/p>\n<\/div>\n<\/div>\n<\/div>\n<p>Lorem fistrum por la gloria de mi madre esse jarl aliqua llevame al sircoo. De la pradera ullamco qu\u00e9 dise usteer est\u00e1 la cosa muy malar.<\/p>\t\t\t\t\t\t<\/div>\n\t\t\t\t<\/div>\n\t\t\t\t<div class=\"elementor-element elementor-element-5cc28e2 elementor-widget elementor-widget-heading\" data-id=\"5cc28e2\" data-element_type=\"widget\" data-widget_type=\"heading.default\">\n\t\t\t\t<div class=\"elementor-widget-container\">\n\t\t\t<h2 class=\"elementor-heading-title elementor-size-default\">Gesti\u00f3n de clientes<\/h2>\t\t<\/div>\n\t\t\t\t<\/div>\n\t\t\t\t<div class=\"elementor-element elementor-element-bd88b55 elementor-widget elementor-widget-heading\" data-id=\"bd88b55\" data-element_type=\"widget\" data-widget_type=\"heading.default\">\n\t\t\t\t<div class=\"elementor-widget-container\">\n\t\t\t<h6 class=\"elementor-heading-title elementor-size-default\">Hasta 14.000\u20ac<\/h6>\t\t<\/div>\n\t\t\t\t<\/div>\n\t\t\t\t<div class=\"elementor-element elementor-element-a5aebfd elementor-widget elementor-widget-text-editor\" data-id=\"a5aebfd\" data-element_type=\"widget\" data-widget_type=\"text-editor.default\">\n\t\t\t\t<div class=\"elementor-widget-container\">\n\t\t\t\t\t\t\t<div class=\"lc-inline_block_cd64ad28746f73273d316824a310ac02-edit block block-layout-builder block-field-blocknodesolution-packagefield-subtitle\">\n<div class=\"clearfix text-formatted field field--name-field-subtitle field--type-text-long field--label-hidden field__item\">\n<p class=\"i4t-wrap-text\">El principal objetivo de esta categor\u00eda es digitalizar y optimizar la gesti\u00f3n de las relaciones comerciales con tus clientes.<\/p>\n<\/div>\n<\/div>\n<div class=\"lc-inline_block_7cef724adecd853060d694955712d755-edit block block-layout-builder block-field-blocknodesolution-packagebody\">\n<div class=\"clearfix text-formatted field field--name-body field--type-text-with-summary field--label-hidden field__item\">\n<h4 id=\"i4t-id-61pr6mxgr\" class=\"h2_title_underlined\">Funcionalidades y servicios<\/h4>\n<ul>\n<li class=\"paragraph\">\n<p class=\"i4t-wrap-text\"><span class=\"i4t-wrap-text\"><strong>Gesti\u00f3n de clientes:<\/strong>\u00a0ser\u00e1s capaz de almacenar y consultar los datos de cada uno de tus clientes, desde su alta como oportunidad de negocio, y simular la compra de productos o contrataci\u00f3n de servicios.<\/span><\/p>\n<\/li>\n<li class=\"paragraph\">\n<p class=\"i4t-wrap-text\"><span class=\"i4t-wrap-text\"><strong>Gesti\u00f3n de clientes potenciales (Leads):<\/strong>\u00a0podr\u00e1s dar de alta nuevos Leads de forma manual o mediante una importaci\u00f3n por fichero. Los datos asociados a los Leads te permitir\u00e1n su gesti\u00f3n comercial con el objetivo de convertirlos en clientes. Adicionalmente podr\u00e1s parametrizar reglas de negocio para la asignaci\u00f3n de Leads seg\u00fan diferentes criterios.<\/span><\/p>\n<\/li>\n<li class=\"paragraph\">\n<p class=\"i4t-wrap-text\"><span class=\"i4t-wrap-text\"><strong>Gesti\u00f3n de oportunidades:<\/strong>\u00a0tendr\u00e1s la posibilidad de gestionar todas las oportunidades de negocio que conlleven el env\u00edo al cliente potencial o Lead de ofertas y presupuestos. Adem\u00e1s, podr\u00e1s comprobar el estado de cada oportunidad (en an\u00e1lisis, oferta presentada, en negociaci\u00f3n, ganadas, canceladas, etc.).<\/span><\/p>\n<\/li>\n<li class=\"paragraph\">\n<p class=\"i4t-wrap-text\"><span class=\"i4t-wrap-text\"><strong>Acciones o tareas comerciales:<\/strong>\u00a0la herramienta implantada por el Agente Digitalizador de tu elecci\u00f3n te permitir\u00e1 crear acciones y tareas comerciales, tanto de forma manual como autom\u00e1tica.<\/span><\/p>\n<\/li>\n<li class=\"paragraph\">\n<p class=\"i4t-wrap-text\"><span class=\"i4t-wrap-text\"><strong>Reporting, planificaci\u00f3n y seguimiento comercial:<\/strong>\u00a0podr\u00e1s realizar seguimiento mediante indicadores (KPI\u00b4s), listado de oportunidades, y otros, con diferentes niveles de agregaci\u00f3n de informaci\u00f3n en funci\u00f3n de tus necesidades. Podr\u00e1s tambi\u00e9n generar informes para el seguimiento y monitorizaci\u00f3n de tu actividad comercial, contemplando ratios de eficiencia, estado de fases, pipeline y otros atributos medibles (como productos, cotizaciones, etc.), y seg\u00fan los canales, perfiles, roles y\/o fases comerciales. Estos informes podr\u00e1n mostrar, al menos, datos mensuales, acumulados y\/o comparativos entre diferentes ejercicios comerciales.<\/span><\/p>\n<\/li>\n<li class=\"paragraph\">\n<p class=\"i4t-wrap-text\"><span class=\"i4t-wrap-text\"><strong>Alertas:<\/strong>\u00a0ser\u00e1s capaz de visualizar Alertas de Clientes en formato gr\u00e1fico de diferente tipolog\u00eda (iconos, mensajes emergentes, etc.).<\/span><\/p>\n<\/li>\n<li class=\"paragraph\">\n<p class=\"i4t-wrap-text\"><span class=\"i4t-wrap-text\"><strong>Gesti\u00f3n documental:<\/strong>\u00a0la soluci\u00f3n incluir\u00e1 un software para la gesti\u00f3n centralizada de la documentaci\u00f3n capaz de insertar y\/o vincular documentos tanto relativos a tu actividad comercial, como los que proporcionados por los propios clientes.<\/span><\/p>\n<\/li>\n<li class=\"paragraph\">\n<p class=\"i4t-wrap-text\"><span class=\"i4t-wrap-text\"><strong>Dise\u00f1o Responsive:<\/strong>\u00a0tendr\u00e1s una interfaz funcional en todo tipo de dispositivos.<\/span><\/p>\n<\/li>\n<li class=\"paragraph\">\n<p class=\"i4t-wrap-text\"><span class=\"i4t-wrap-text\"><strong>Integraci\u00f3n con diversas plataformas:<\/strong>\u00a0dispondr\u00e1s de APIs o Web Services para la consolidaci\u00f3n de la informaci\u00f3n y datos de toda tu empresa.<\/span><\/p>\n<\/li>\n<\/ul>\n<\/div>\n<\/div>\t\t\t\t\t\t<\/div>\n\t\t\t\t<\/div>\n\t\t\t\t<div class=\"elementor-element elementor-element-46a57f7 elementor-widget elementor-widget-heading\" data-id=\"46a57f7\" data-element_type=\"widget\" data-widget_type=\"heading.default\">\n\t\t\t\t<div class=\"elementor-widget-container\">\n\t\t\t<h2 class=\"elementor-heading-title elementor-size-default\">Gesti\u00f3n de la facturaci\u00f3n y factura electr\u00f3nica<\/h2>\t\t<\/div>\n\t\t\t\t<\/div>\n\t\t\t\t<div class=\"elementor-element elementor-element-9e5ab09 elementor-widget elementor-widget-heading\" data-id=\"9e5ab09\" data-element_type=\"widget\" data-widget_type=\"heading.default\">\n\t\t\t\t<div class=\"elementor-widget-container\">\n\t\t\t<h6 class=\"elementor-heading-title elementor-size-default\">Hasta 3.000\u20ac<\/h6>\t\t<\/div>\n\t\t\t\t<\/div>\n\t\t\t\t<div class=\"elementor-element elementor-element-b749d38 elementor-widget elementor-widget-text-editor\" data-id=\"b749d38\" data-element_type=\"widget\" data-widget_type=\"text-editor.default\">\n\t\t\t\t<div class=\"elementor-widget-container\">\n\t\t\t\t\t\t\t<div class=\"lc-inline_block_cd64ad28746f73273d316824a310ac02-edit block block-layout-builder block-field-blocknodesolution-packagefield-subtitle\">\n<div class=\"clearfix text-formatted field field--name-field-subtitle field--type-text-long field--label-hidden field__item\">\n<p class=\"i4t-wrap-text\">Con esta soluci\u00f3n podr\u00e1s tener digitalizado el flujo de emisi\u00f3n y recepci\u00f3n de las facturas de tus clientes y proveedores, asegurando la digitalizaci\u00f3n y securizaci\u00f3n de tus procesos de negocio.<\/p>\n<\/div>\n<\/div>\n<div class=\"lc-inline_block_7cef724adecd853060d694955712d755-edit block block-layout-builder block-field-blocknodesolution-packagebody\">\n<div class=\"clearfix text-formatted field field--name-body field--type-text-with-summary field--label-hidden field__item\">\n<h4 id=\"i4t-id-hw3xhdzc9\" class=\"h2_title_underlined\">Funcionalidades y servicios<\/h4>\n<div>\n<ul>\n<li class=\"paragraph\"><strong>Facturas en formato estructurado:<\/strong>\u00a0tendr\u00e1s la posibilidad emitir facturas en formatos estructurados, al menos en formato FACTURA-E, para facilitar su tratamiento automatizado.<\/li>\n<li class=\"paragraph\"><strong>Facturas ilimitadas:<\/strong>\u00a0podr\u00e1s emitir y recibir un n\u00famero ilimitado de facturas.<\/li>\n<li class=\"paragraph\"><strong>Clientes ilimitados:<\/strong>\u00a0tendr\u00e1s la capacidad de enviar facturas a un n\u00famero ilimitado de clientes.<\/li>\n<li class=\"paragraph\"><strong>Productos o servicios ilimitados:<\/strong>\u00a0podr\u00e1s crear un n\u00famero ilimitado de productos y\/o servicios facturables dentro del cat\u00e1logo.<\/li>\n<li class=\"paragraph\"><strong>Env\u00edo y recepci\u00f3n de facturas:<\/strong>\u00a0la soluci\u00f3n implantada por el Agente Digitalizador de tu elecci\u00f3n te posibilitar\u00e1 enviar y recibir facturas electr\u00f3nicas directamente, al menos por correo electr\u00f3nico.<\/li>\n<li class=\"paragraph\"><strong>Personalizaci\u00f3n de facturas:<\/strong>\u00a0las facturas ser\u00e1n personalizables, incluyendo la selecci\u00f3n de tu logotipo.<\/li>\n<li class=\"paragraph\"><strong>Copias de seguridad peri\u00f3dicas:<\/strong>\u00a0podr\u00e1s realizar copias de seguridad, con posibilidad de,\u00a0al menos,\u00a0una periodicidad diaria.<\/li>\n<li class=\"paragraph\"><strong>Almacenamiento\/Hist\u00f3rico de facturas:<\/strong>\u00a0Si perteneces a los segmentos I, II o III tendr\u00e1s, al menos, 1 GB para las facturas.\u00a0Para los segmentos IV y V se proporcionar\u00e1 un almacenamiento de, al menos, 10 GB.<\/li>\n<li class=\"paragraph\"><strong>Integraci\u00f3n con otras soluciones:<\/strong>\u00a0la soluci\u00f3n deber\u00e1 disponer de APIs o Web Services para su integraci\u00f3n con otras herramientas, as\u00ed como permitir la carga de datos de manera manual.<\/li>\n<li class=\"paragraph\"><strong>Control de vencimiento de las facturas:<\/strong>\u00a0tendr\u00e1s un sistema de control del vencimiento de las facturas.<\/li>\n<li class=\"paragraph\"><strong>Generaci\u00f3n de un registro de facturaci\u00f3n:<\/strong>\u00a0la soluci\u00f3n te permitir\u00e1 generar un registro de facturaci\u00f3n, de forma simult\u00e1nea o inmediatamente anterior a la expedici\u00f3n de cada factura.<\/li>\n<li class=\"paragraph\"><strong>Emisi\u00f3n de facturas verificables:<\/strong>\u00a0la soluci\u00f3n deber\u00e1 habilitar la emisi\u00f3n de facturas, tanto en papel como de forma electr\u00f3nica, que puedan ser verificables con la Agencia Tributaria por parte del comprador.<\/li>\n<li class=\"paragraph\"><strong>Verificaci\u00f3n presencial:<\/strong>\u00a0la soluci\u00f3n deber\u00e1 permitir la verificaci\u00f3n presencial del registro de facturaci\u00f3n por parte de las autoridades competentes.<\/li>\n<li class=\"paragraph\"><strong>Declaraci\u00f3n responsable:<\/strong>\u00a0la soluci\u00f3n deber\u00e1 disponer de una declaraci\u00f3n responsable por parte del fabricante o desarrollador acreditando que el software cumple con la normativa tributaria vigente.<\/li>\n<li class=\"paragraph\"><strong>Cumplimiento:\u00a0<\/strong>podr\u00e1s asegurar el cumplimiento de la normativa aplicable, en concreto el Reglamento por el que se regulan las obligaciones de facturaci\u00f3n del Real Decreto 1619\/2012, los requisitos del art\u00edculo 29.2.j) de la Ley 58\/2003, de 17 de diciembre, General Tributaria y su normativa de desarrollo, as\u00ed como cualquier normativa de aplicaci\u00f3n.<\/li>\n<\/ul>\n<\/div>\n<\/div>\n<\/div>\t\t\t\t\t\t<\/div>\n\t\t\t\t<\/div>\n\t\t\t\t<div class=\"elementor-element elementor-element-2b0bf2c elementor-widget elementor-widget-heading\" data-id=\"2b0bf2c\" data-element_type=\"widget\" data-widget_type=\"heading.default\">\n\t\t\t\t<div class=\"elementor-widget-container\">\n\t\t\t<h2 class=\"elementor-heading-title elementor-size-default\">\nCiberseguridad<\/h2>\t\t<\/div>\n\t\t\t\t<\/div>\n\t\t\t\t<div class=\"elementor-element elementor-element-029d2c0 elementor-widget elementor-widget-heading\" data-id=\"029d2c0\" data-element_type=\"widget\" data-widget_type=\"heading.default\">\n\t\t\t\t<div class=\"elementor-widget-container\">\n\t\t\t<h6 class=\"elementor-heading-title elementor-size-default\">Hasta 29.000\u20ac<\/h6>\t\t<\/div>\n\t\t\t\t<\/div>\n\t\t\t\t<div class=\"elementor-element elementor-element-582d84b elementor-widget elementor-widget-text-editor\" data-id=\"582d84b\" data-element_type=\"widget\" data-widget_type=\"text-editor.default\">\n\t\t\t\t<div class=\"elementor-widget-container\">\n\t\t\t\t\t\t\t<div class=\"lc-inline_block_cd64ad28746f73273d316824a310ac02-edit block block-layout-builder block-field-blocknodesolution-packagefield-subtitle\">\n<div class=\"clearfix text-formatted field field--name-field-subtitle field--type-text-long field--label-hidden field__item\">\n<p class=\"i4t-wrap-text\">El objetivo de esta soluci\u00f3n es proporcionar seguridad b\u00e1sica y avanzada para los dispositivos de tus empleados.<\/p>\n<\/div>\n<\/div>\n<div class=\"lc-inline_block_7cef724adecd853060d694955712d755-edit block block-layout-builder block-field-blocknodesolution-packagebody\">\n<div class=\"clearfix text-formatted field field--name-body field--type-text-with-summary field--label-hidden field__item\">\n<h4 id=\"i4t-id-rt7iwf5qo\" class=\"h2_title_underlined\">Funcionalidades\u00a0y servicios<\/h4>\n<ul>\n<li class=\"paragraph\">\n<p class=\"i4t-wrap-text\"><span class=\"i4t-wrap-text\"><strong>Antimalware:<\/strong>\u00a0tendr\u00e1s a tu disposici\u00f3n una herramienta<strong>\u00a0<\/strong>que analice tu dispositivo, su memoria interna y los dispositivos de almacenamiento externos.<\/span><\/p>\n<\/li>\n<li class=\"paragraph\">\n<p class=\"i4t-wrap-text\"><span class=\"i4t-wrap-text\"><strong>Antispyware:\u00a0<\/strong>dispondr\u00e1s de una herramienta que detecte y evite el malware esp\u00eda.<\/span><\/p>\n<\/li>\n<li class=\"paragraph\">\n<p class=\"i4t-wrap-text\"><span class=\"i4t-wrap-text\"><strong>Correo seguro:\u00a0<\/strong>tendr\u00e1s herramientas de an\u00e1lisis del correo electr\u00f3nico con las siguientes caracter\u00edsticas:<\/span><\/p>\n<ul>\n<li class=\"paragraph\">\n<p class=\"i4t-wrap-text\"><span class=\"i4t-wrap-text\"><strong>Antispam,\u00a0<\/strong>con detecci\u00f3n y filtro de correo no deseado.<\/span><\/p>\n<\/li>\n<li class=\"paragraph\">\n<p class=\"i4t-wrap-text\"><span class=\"i4t-wrap-text\"><strong>Antiphishing,\u00a0<\/strong>con detecci\u00f3n de correos con enlaces o malware que se sospecha sirvan para robar credenciales.<\/span><\/p>\n<\/li>\n<\/ul>\n<\/li>\n<li class=\"paragraph\">\n<p class=\"i4t-wrap-text\"><span class=\"i4t-wrap-text\"><strong>Navegaci\u00f3n segura:\u00a0<\/strong>tendr\u00e1s asegurado:<\/span><\/p>\n<ul>\n<li class=\"paragraph\">\n<p class=\"i4t-wrap-text\"><span class=\"i4t-wrap-text\"><strong>Control de contenidos<\/strong>.<\/span><\/p>\n<\/li>\n<li class=\"paragraph\">\n<p class=\"i4t-wrap-text\"><span class=\"i4t-wrap-text\"><strong>Antiadware\u00a0<\/strong>para evitar anuncios maliciosos.<\/span><\/p>\n<\/li>\n<\/ul>\n<\/li>\n<li class=\"paragraph\">\n<p class=\"i4t-wrap-text\"><span class=\"i4t-wrap-text\"><strong>An\u00e1lisis y detecci\u00f3n de amenazas:\u00a0<\/strong>ser\u00e1s capaz de conocer el comportamiento de las amenazas conocidas y nuevas.<\/span><\/p>\n<\/li>\n<li>\n<p class=\"i4t-wrap-text\"><span class=\"i4t-wrap-text\"><strong>Monitorizaci\u00f3n de la red:\u00a0<\/strong>tendr\u00e1s herramientas que analizan el tr\u00e1fico de red y te alerten de amenazas.<\/span><\/p>\n<\/li>\n<li>\n<p class=\"i4t-wrap-text\"><span class=\"i4t-wrap-text\"><strong>Configuraci\u00f3n inicial y actualizaciones de seguridad:\u00a0<\/strong>dispondr\u00e1s de una configuraci\u00f3n inicial para su correcto uso, con las respectivas actualizaciones de firmas de malware y otros datos para detecci\u00f3n de amenazas adem\u00e1s de las actualizaciones de software de seguridad peri\u00f3dicas requeridas.<\/span><\/p>\n<\/li>\n<li>\n<p class=\"i4t-wrap-text\"><span class=\"i4t-wrap-text\"><strong>Requisitos especiales de formaci\u00f3n:\u00a0<\/strong>dispondr\u00e1s de formaci\u00f3n para la configuraci\u00f3n del software de seguridad, y tendr\u00e1s un kit de concienciaci\u00f3n en ciberseguridad para complementar la soluci\u00f3n con habilidades de firewall humano.<\/span><\/p>\n<\/li>\n<\/ul>\n<\/div>\n<\/div>\t\t\t\t\t\t<\/div>\n\t\t\t\t<\/div>\n\t\t\t\t<\/div>\n\t\t\t\t<div class=\"elementor-element elementor-element-8b72679 elementor-widget elementor-widget-text-editor\" data-id=\"8b72679\" data-element_type=\"widget\" data-widget_type=\"text-editor.default\">\n\t\t\t\t<div class=\"elementor-widget-container\">\n\t\t\t\t\t\t\t\t\t\t\t\t\t<\/div>\n\t\t\t\t<\/div>\n\t\t\t\t\t<\/div>\n\t\t\t\t<\/div>\n\t\t<div class=\"elementor-element elementor-element-ffeb1fb e-flex e-con-boxed e-con e-parent\" data-id=\"ffeb1fb\" data-element_type=\"container\" data-settings=\"{&quot;content_width&quot;:&quot;boxed&quot;}\" data-core-v316-plus=\"true\">\n\t\t\t\t\t<div class=\"e-con-inner\">\n\t\t\t\t<div class=\"elementor-element elementor-element-3787468 elementor-widget elementor-widget-text-editor\" data-id=\"3787468\" data-element_type=\"widget\" data-widget_type=\"text-editor.default\">\n\t\t\t\t<div class=\"elementor-widget-container\">\n\t\t\t\t\t\t\t<h1 id=\"form\" class=\"lasth1\">H\u00e1blanos de tu proyecto<\/h1>\n<section class=\"form\">\n<section class=\"formulario\">\n<h1 class=\"lasttitle\"><b>Para pedir m\u00e1s informaci\u00f3n, <b style=\"color: #8bc43f;\">cont\u00e1ctenos para que le podamos asesorar.<\/b><\/b><\/h1>\n<div role=\"form\" class=\"wpcf7\" id=\"wpcf7-f6248-o1\" lang=\"es-ES\" dir=\"ltr\">\n<div class=\"screen-reader-response\"><p role=\"status\" aria-live=\"polite\" aria-atomic=\"true\"><\/p> <ul><\/ul><\/div>\n<form action=\"\/ns\/wp-json\/wp\/v2\/pages\/6059#wpcf7-f6248-o1\" method=\"post\" class=\"wpcf7-form init\" novalidate=\"novalidate\" data-status=\"init\">\n<div style=\"display: none;\">\n<input type=\"hidden\" name=\"_wpcf7\" value=\"6248\" \/>\n<input type=\"hidden\" name=\"_wpcf7_version\" value=\"5.3.2\" \/>\n<input type=\"hidden\" name=\"_wpcf7_locale\" value=\"es_ES\" \/>\n<input type=\"hidden\" name=\"_wpcf7_unit_tag\" value=\"wpcf7-f6248-o1\" \/>\n<input type=\"hidden\" name=\"_wpcf7_container_post\" value=\"0\" \/>\n<input type=\"hidden\" name=\"_wpcf7_posted_data_hash\" value=\"\" \/>\n<input type=\"hidden\" name=\"_wpcf7_recaptcha_response\" value=\"\" \/>\n<\/div>\n<p><label> Nombre de la empresa<br \/>\n    <span class=\"wpcf7-form-control-wrap your-name\"><input type=\"text\" name=\"your-name\" value=\"\" size=\"40\" class=\"wpcf7-form-control wpcf7-text wpcf7-validates-as-required\" aria-required=\"true\" aria-invalid=\"false\" \/><\/span> <\/label><\/p>\n<p><label> Persona de contacto<br \/>\n    <span class=\"wpcf7-form-control-wrap your-contact\"><input type=\"text\" name=\"your-contact\" value=\"\" size=\"40\" class=\"wpcf7-form-control wpcf7-text wpcf7-validates-as-required\" aria-required=\"true\" aria-invalid=\"false\" \/><\/span> <\/label><\/p>\n<p><label> C\u00f3digo postal<br \/>\n    <span class=\"wpcf7-form-control-wrap codigo-postal\"><input type=\"text\" name=\"codigo-postal\" value=\"\" size=\"40\" class=\"wpcf7-form-control wpcf7-text wpcf7-validates-as-required\" aria-required=\"true\" aria-invalid=\"false\" \/><\/span> <\/label><\/p>\n<p><label> Email<br \/>\n    <span class=\"wpcf7-form-control-wrap your-email\"><input type=\"email\" name=\"your-email\" value=\"\" size=\"40\" class=\"wpcf7-form-control wpcf7-text wpcf7-email wpcf7-validates-as-required wpcf7-validates-as-email\" aria-required=\"true\" aria-invalid=\"false\" \/><\/span> <\/label><\/p>\n<p><label> Tel\u00e9fono<br \/>\n    <span class=\"wpcf7-form-control-wrap telefono\"><input type=\"tel\" name=\"telefono\" value=\"\" size=\"40\" class=\"wpcf7-form-control wpcf7-text wpcf7-tel wpcf7-validates-as-required wpcf7-validates-as-tel\" aria-required=\"true\" aria-invalid=\"false\" \/><\/span> <\/label><\/p>\n<p><span class=\"wpcf7-form-control-wrap acceptance-289\"><span class=\"wpcf7-form-control wpcf7-acceptance\"><span class=\"wpcf7-list-item\"><input type=\"checkbox\" name=\"acceptance-289\" value=\"1\" aria-invalid=\"false\" \/><\/span><\/span><\/span> He le\u00eddo y aceptado la <a href=\"https:\/\/www.syscel.com\/tienda\/content\/10-proteccion-de-datos\" target=\"_blank\">pol\u00edtica de privacidad<\/a><\/p>\n<p><input type=\"submit\" value=\"Enviar\" class=\"wpcf7-form-control wpcf7-submit\" \/><\/p>\n<div class=\"wpcf7-response-output\" aria-hidden=\"true\"><\/div><\/form><\/div><\/section>\n<section class=\"formimg\"><img decoding=\"async\" src=\"https:\/\/www.ucm.es\/file\/manos-ordenador\/?ver\" \/><\/section>\n<\/section>\t\t\t\t\t\t<\/div>\n\t\t\t\t<\/div>\n\t\t\t\t\t<\/div>\n\t\t\t\t<\/div>\n\t\t<div class=\"elementor-element elementor-element-81c820b e-flex e-con-boxed e-con e-parent\" data-id=\"81c820b\" data-element_type=\"container\" data-settings=\"{&quot;content_width&quot;:&quot;boxed&quot;}\" data-core-v316-plus=\"true\">\n\t\t\t\t\t<div class=\"e-con-inner\">\n\t\t\t\t<div class=\"elementor-element elementor-element-e4129ca elementor-widget elementor-widget-image\" data-id=\"e4129ca\" data-element_type=\"widget\" data-widget_type=\"image.default\">\n\t\t\t\t<div class=\"elementor-widget-container\">\n\t\t\t\t\t\t\t\t\t\t\t\t\t\t\t<img decoding=\"async\" width=\"1024\" height=\"334\" src=\"https:\/\/www.syscel.com\/ns\/wp-content\/uploads\/2025\/02\/Faldon_Plataforma_Logotipos-1024x334.png\" class=\"attachment-large size-large wp-image-7133\" alt=\"\" srcset=\"https:\/\/www.syscel.com\/ns\/wp-content\/uploads\/2025\/02\/Faldon_Plataforma_Logotipos-1024x334.png 1024w, https:\/\/www.syscel.com\/ns\/wp-content\/uploads\/2025\/02\/Faldon_Plataforma_Logotipos-300x98.png 300w, https:\/\/www.syscel.com\/ns\/wp-content\/uploads\/2025\/02\/Faldon_Plataforma_Logotipos-768x250.png 768w, https:\/\/www.syscel.com\/ns\/wp-content\/uploads\/2025\/02\/Faldon_Plataforma_Logotipos-1536x501.png 1536w, https:\/\/www.syscel.com\/ns\/wp-content\/uploads\/2025\/02\/Faldon_Plataforma_Logotipos-2048x668.png 2048w, https:\/\/www.syscel.com\/ns\/wp-content\/uploads\/2025\/02\/Faldon_Plataforma_Logotipos-150x49.png 150w\" sizes=\"(max-width: 1024px) 100vw, 1024px\" \/>\t\t\t\t\t\t\t\t\t\t\t\t\t\t\t<\/div>\n\t\t\t\t<\/div>\n\t\t\t\t\t<\/div>\n\t\t\t\t<\/div>\n\t\t\t\t\t\t\t<\/div>\n\t\t","protected":false},"excerpt":{"rendered":"<p>KIT DIGITAL Ayudas del Programa Kit Digital englobado en los fondos europeos \u201cNext Generation EU\u201d \u00a1Contacta ahora! Ayudas del Programa Kit Digital englobado en los fondos europeos \u201cNext Generation EU\u201d Impulso a la pyme El Kit Digital es una iniciativa del gobierno espa\u00f1ol dirigida a todas las peque\u00f1as y medianas empresas, as\u00ed como aut\u00f3nomos, que [&hellip;]<\/p>\n","protected":false},"author":5,"featured_media":0,"parent":0,"menu_order":0,"comment_status":"closed","ping_status":"closed","template":"","meta":{"_et_pb_use_builder":"","_et_pb_old_content":"","_et_gb_content_width":"","footnotes":""},"class_list":["post-6059","page","type-page","status-publish","hentry"],"_links":{"self":[{"href":"https:\/\/www.syscel.com\/ns\/wp-json\/wp\/v2\/pages\/6059","targetHints":{"allow":["GET"]}}],"collection":[{"href":"https:\/\/www.syscel.com\/ns\/wp-json\/wp\/v2\/pages"}],"about":[{"href":"https:\/\/www.syscel.com\/ns\/wp-json\/wp\/v2\/types\/page"}],"author":[{"embeddable":true,"href":"https:\/\/www.syscel.com\/ns\/wp-json\/wp\/v2\/users\/5"}],"replies":[{"embeddable":true,"href":"https:\/\/www.syscel.com\/ns\/wp-json\/wp\/v2\/comments?post=6059"}],"version-history":[{"count":67,"href":"https:\/\/www.syscel.com\/ns\/wp-json\/wp\/v2\/pages\/6059\/revisions"}],"predecessor-version":[{"id":7146,"href":"https:\/\/www.syscel.com\/ns\/wp-json\/wp\/v2\/pages\/6059\/revisions\/7146"}],"wp:attachment":[{"href":"https:\/\/www.syscel.com\/ns\/wp-json\/wp\/v2\/media?parent=6059"}],"curies":[{"name":"wp","href":"https:\/\/api.w.org\/{rel}","templated":true}]}}